{"id":1621,"date":"2022-12-31T06:03:54","date_gmt":"2022-12-31T06:03:54","guid":{"rendered":"https:\/\/gdflac.com\/acerca-de\/linea-de-tiempo\/"},"modified":"2023-01-10T23:07:19","modified_gmt":"2023-01-10T23:07:19","slug":"linea-de-tiempo","status":"publish","type":"page","link":"https:\/\/gdflac.com\/es\/acerca-de\/linea-de-tiempo\/","title":{"rendered":"L\u00ednea de Tiempo"},"content":{"rendered":"\t\t<div data-elementor-type=\"wp-page\" data-elementor-id=\"1621\" class=\"elementor elementor-1621 elementor-53\" data-elementor-post-type=\"page\">\n\t\t\t\t\t\t<section class=\"elementor-section elementor-top-section elementor-element elementor-element-cdd7b53 elementor-section-boxed elementor-section-height-default elementor-section-height-default\" data-id=\"cdd7b53\" data-element_type=\"section\">\n\t\t\t\t\t\t<div class=\"elementor-container elementor-column-gap-default\">\n\t\t\t\t\t<div class=\"elementor-column elementor-col-100 elementor-top-column elementor-element elementor-element-4e0f404\" data-id=\"4e0f404\" data-element_type=\"column\">\n\t\t\t<div class=\"elementor-widget-wrap elementor-element-populated\">\n\t\t\t\t\t\t<div class=\"elementor-element elementor-element-1bb0ba2 elementor-widget elementor-widget-breadcrumbs\" data-id=\"1bb0ba2\" data-element_type=\"widget\" data-widget_type=\"breadcrumbs.default\">\n\t\t\t\t<div class=\"elementor-widget-container\">\n\t\t\t\t\t<p id=\"breadcrumbs\"><span><span><a href=\"https:\/\/gdflac.com\/es\/inicio\/\">Home<\/a><\/span><\/span><\/p>\t\t\t\t<\/div>\n\t\t\t\t<\/div>\n\t\t\t\t\t<\/div>\n\t\t<\/div>\n\t\t\t\t\t<\/div>\n\t\t<\/section>\n\t\t\t\t<section class=\"elementor-section elementor-top-section elementor-element elementor-element-1b9be09 elementor-section-boxed elementor-section-height-default elementor-section-height-default\" data-id=\"1b9be09\" data-element_type=\"section\">\n\t\t\t\t\t\t<div class=\"elementor-container elementor-column-gap-default\">\n\t\t\t\t\t<div class=\"elementor-column elementor-col-100 elementor-top-column elementor-element elementor-element-3562da0\" data-id=\"3562da0\" data-element_type=\"column\">\n\t\t\t<div class=\"elementor-widget-wrap elementor-element-populated\">\n\t\t\t\t\t\t<div class=\"elementor-element elementor-element-5ccfdda elementor-widget elementor-widget-heading\" data-id=\"5ccfdda\" data-element_type=\"widget\" data-widget_type=\"heading.default\">\n\t\t\t\t<div class=\"elementor-widget-container\">\n\t\t\t\t\t<h1 class=\"elementor-heading-title elementor-size-default\">L\u00ednea de Tiempo<\/h1>\t\t\t\t<\/div>\n\t\t\t\t<\/div>\n\t\t\t\t<div class=\"elementor-element elementor-element-2630f8f elementor-widget-divider--view-line elementor-widget elementor-widget-divider\" data-id=\"2630f8f\" data-element_type=\"widget\" data-widget_type=\"divider.default\">\n\t\t\t\t<div class=\"elementor-widget-container\">\n\t\t\t\t\t\t\t<div class=\"elementor-divider\">\n\t\t\t<span class=\"elementor-divider-separator\">\n\t\t\t\t\t\t<\/span>\n\t\t<\/div>\n\t\t\t\t\t\t<\/div>\n\t\t\t\t<\/div>\n\t\t\t\t\t<\/div>\n\t\t<\/div>\n\t\t\t\t\t<\/div>\n\t\t<\/section>\n\t\t\t\t<section class=\"elementor-section elementor-top-section elementor-element elementor-element-b4187b7 elementor-section-boxed elementor-section-height-default elementor-section-height-default\" data-id=\"b4187b7\" data-element_type=\"section\">\n\t\t\t\t\t\t<div class=\"elementor-container elementor-column-gap-wider\">\n\t\t\t\t\t<div class=\"elementor-column elementor-col-66 elementor-top-column elementor-element elementor-element-0abd0e7\" data-id=\"0abd0e7\" data-element_type=\"column\">\n\t\t\t<div class=\"elementor-widget-wrap elementor-element-populated\">\n\t\t\t\t\t\t<section class=\"elementor-section elementor-inner-section elementor-element elementor-element-074a60f elementor-section-boxed elementor-section-height-default elementor-section-height-default\" data-id=\"074a60f\" data-element_type=\"section\">\n\t\t\t\t\t\t<div class=\"elementor-container elementor-column-gap-default\">\n\t\t\t\t\t<div class=\"elementor-column elementor-col-100 elementor-inner-column elementor-element elementor-element-3e51e76 colTimeline\" data-id=\"3e51e76\" data-element_type=\"column\">\n\t\t\t<div class=\"elementor-widget-wrap elementor-element-populated\">\n\t\t\t\t\t\t<div class=\"elementor-element elementor-element-7acdea2 elementor-widget__width-auto elementor-view-default elementor-widget elementor-widget-icon\" data-id=\"7acdea2\" data-element_type=\"widget\" data-widget_type=\"icon.default\">\n\t\t\t\t<div class=\"elementor-widget-container\">\n\t\t\t\t\t\t\t<div class=\"elementor-icon-wrapper\">\n\t\t\t<div class=\"elementor-icon\">\n\t\t\t<i aria-hidden=\"true\" class=\"far fa-clock\"><\/i>\t\t\t<\/div>\n\t\t<\/div>\n\t\t\t\t\t\t<\/div>\n\t\t\t\t<\/div>\n\t\t\t\t<div class=\"elementor-element elementor-element-b4b5f42 elementor-widget__width-auto txtTimeline elementor-widget elementor-widget-text-editor\" data-id=\"b4b5f42\" data-element_type=\"widget\" data-widget_type=\"text-editor.default\">\n\t\t\t\t<div class=\"elementor-widget-container\">\n\t\t\t\t\t\t\t\t\t<p><strong>Junio 1, 2018 \u2013 Julio 30, 2018. Segundo Llamado de Propuestas (CFP).<\/strong> El Segundo Llamado de Propuestas (CFP) se abre para los solicitantes que inicialmente se inscribieron al segundo Llamado de Expresiones de Inter\u00e9s. De las 16 solicitudes iniciales para la EOI, 11 fueron elegidas para postularse a la etapa CFP.<\/p>\n\t\t\t\t\t\t\t\t<\/div>\n\t\t\t\t<\/div>\n\t\t\t\t\t<\/div>\n\t\t<\/div>\n\t\t\t\t\t<\/div>\n\t\t<\/section>\n\t\t\t\t<section class=\"elementor-section elementor-inner-section elementor-element elementor-element-76700b9 elementor-section-boxed elementor-section-height-default elementor-section-height-default\" data-id=\"76700b9\" data-element_type=\"section\">\n\t\t\t\t\t\t<div class=\"elementor-container elementor-column-gap-default\">\n\t\t\t\t\t<div class=\"elementor-column elementor-col-100 elementor-inner-column elementor-element elementor-element-df05b9a colTimeline\" data-id=\"df05b9a\" data-element_type=\"column\">\n\t\t\t<div class=\"elementor-widget-wrap elementor-element-populated\">\n\t\t\t\t\t\t<div class=\"elementor-element elementor-element-17235ab elementor-widget__width-auto elementor-view-default elementor-widget elementor-widget-icon\" data-id=\"17235ab\" data-element_type=\"widget\" data-widget_type=\"icon.default\">\n\t\t\t\t<div class=\"elementor-widget-container\">\n\t\t\t\t\t\t\t<div class=\"elementor-icon-wrapper\">\n\t\t\t<div class=\"elementor-icon\">\n\t\t\t<i aria-hidden=\"true\" class=\"far fa-clock\"><\/i>\t\t\t<\/div>\n\t\t<\/div>\n\t\t\t\t\t\t<\/div>\n\t\t\t\t<\/div>\n\t\t\t\t<div class=\"elementor-element elementor-element-639a517 elementor-widget__width-auto txtTimeline elementor-widget elementor-widget-text-editor\" data-id=\"639a517\" data-element_type=\"widget\" data-widget_type=\"text-editor.default\">\n\t\t\t\t<div class=\"elementor-widget-container\">\n\t\t\t\t\t\t\t\t\t<p><strong>Marzo 1, 2018.<\/strong> El premio Europeo de Innovaci\u00f3n Geot\u00e9rmica 2018 es otorgado al Fondo de Desarrollo Geot\u00e9rmico para Latinoam\u00e9rica (GDF), la primera iniciativa clim\u00e1tica de m\u00faltiples donantes que ofrece mitigaci\u00f3n de riesgos para estudios de superficie y perforaciones de confirmaci\u00f3n durante la fase de exploraci\u00f3n de proyectos geot\u00e9rmicos en Latinoam\u00e9rica . <a href=\"https:\/\/www.egec.org\/wp-content\/uploads\/post\/PR_GDF-Latin-America-geothermal-innovator-of-the-year-2.pdf\" target=\"_blank\" rel=\"noopener\">Para m\u00e1s informaci\u00f3n, haga clic aqu\u00ed.<\/a><\/p>\n\t\t\t\t\t\t\t\t<\/div>\n\t\t\t\t<\/div>\n\t\t\t\t\t<\/div>\n\t\t<\/div>\n\t\t\t\t\t<\/div>\n\t\t<\/section>\n\t\t\t\t<section class=\"elementor-section elementor-inner-section elementor-element elementor-element-b0bfabd elementor-section-boxed elementor-section-height-default elementor-section-height-default\" data-id=\"b0bfabd\" data-element_type=\"section\">\n\t\t\t\t\t\t<div class=\"elementor-container elementor-column-gap-default\">\n\t\t\t\t\t<div class=\"elementor-column elementor-col-100 elementor-inner-column elementor-element elementor-element-a407568 colTimeline\" data-id=\"a407568\" data-element_type=\"column\">\n\t\t\t<div class=\"elementor-widget-wrap elementor-element-populated\">\n\t\t\t\t\t\t<div class=\"elementor-element elementor-element-002ac13 elementor-widget__width-auto elementor-view-default elementor-widget elementor-widget-icon\" data-id=\"002ac13\" data-element_type=\"widget\" data-widget_type=\"icon.default\">\n\t\t\t\t<div class=\"elementor-widget-container\">\n\t\t\t\t\t\t\t<div class=\"elementor-icon-wrapper\">\n\t\t\t<div class=\"elementor-icon\">\n\t\t\t<i aria-hidden=\"true\" class=\"far fa-clock\"><\/i>\t\t\t<\/div>\n\t\t<\/div>\n\t\t\t\t\t\t<\/div>\n\t\t\t\t<\/div>\n\t\t\t\t<div class=\"elementor-element elementor-element-14f2a70 elementor-widget__width-auto txtTimeline elementor-widget elementor-widget-text-editor\" data-id=\"14f2a70\" data-element_type=\"widget\" data-widget_type=\"text-editor.default\">\n\t\t\t\t<div class=\"elementor-widget-container\">\n\t\t\t\t\t\t\t\t\t<p><strong>Diciembre 1, 2017 \u2013 Enero 31, 2018. Segundo Llamado de Expresiones de Inter\u00e9s (EOI).<\/strong> La segunda ronda del GDF se abre con una llamada de expresi\u00f3n de inter\u00e9s (EOI). Se reciben 16 solicitudes, que representan 7 de los 10 pa\u00edses elegibles.<\/p>\n\t\t\t\t\t\t\t\t<\/div>\n\t\t\t\t<\/div>\n\t\t\t\t\t<\/div>\n\t\t<\/div>\n\t\t\t\t\t<\/div>\n\t\t<\/section>\n\t\t\t\t<section class=\"elementor-section elementor-inner-section elementor-element elementor-element-bdd010f elementor-section-boxed elementor-section-height-default elementor-section-height-default\" data-id=\"bdd010f\" data-element_type=\"section\">\n\t\t\t\t\t\t<div class=\"elementor-container elementor-column-gap-default\">\n\t\t\t\t\t<div class=\"elementor-column elementor-col-100 elementor-inner-column elementor-element elementor-element-92e2e08 colTimeline\" data-id=\"92e2e08\" data-element_type=\"column\">\n\t\t\t<div class=\"elementor-widget-wrap elementor-element-populated\">\n\t\t\t\t\t\t<div class=\"elementor-element elementor-element-55174ba elementor-widget__width-auto elementor-view-default elementor-widget elementor-widget-icon\" data-id=\"55174ba\" data-element_type=\"widget\" data-widget_type=\"icon.default\">\n\t\t\t\t<div class=\"elementor-widget-container\">\n\t\t\t\t\t\t\t<div class=\"elementor-icon-wrapper\">\n\t\t\t<div class=\"elementor-icon\">\n\t\t\t<i aria-hidden=\"true\" class=\"far fa-clock\"><\/i>\t\t\t<\/div>\n\t\t<\/div>\n\t\t\t\t\t\t<\/div>\n\t\t\t\t<\/div>\n\t\t\t\t<div class=\"elementor-element elementor-element-188382e elementor-widget__width-auto txtTimeline elementor-widget elementor-widget-text-editor\" data-id=\"188382e\" data-element_type=\"widget\" data-widget_type=\"text-editor.default\">\n\t\t\t\t<div class=\"elementor-widget-container\">\n\t\t\t\t\t\t\t\t\t<p><strong>Mayo 15, 2017 \u2013 Julio 24, 2017. Primer Llamado de Propuestas (CFP).<\/strong> El Llamado de Propuestas (CFP) se abre para los solicitantes que inicialmente se inscribieron en la EOI. Se seleccionan 8 proyectos para la CFP de las 25 aplicaciones de la EOI. <a href=\"https:\/\/gdflac.com\/about\/press-release\/\" target=\"_blank\" rel=\"noopener\">Para m\u00e1s informaci\u00f3n, haga clic aqu\u00ed.<\/a><\/p>\n\t\t\t\t\t\t\t\t<\/div>\n\t\t\t\t<\/div>\n\t\t\t\t\t<\/div>\n\t\t<\/div>\n\t\t\t\t\t<\/div>\n\t\t<\/section>\n\t\t\t\t<section class=\"elementor-section elementor-inner-section elementor-element elementor-element-f2f8f3c elementor-section-boxed elementor-section-height-default elementor-section-height-default\" data-id=\"f2f8f3c\" data-element_type=\"section\">\n\t\t\t\t\t\t<div class=\"elementor-container elementor-column-gap-default\">\n\t\t\t\t\t<div class=\"elementor-column elementor-col-100 elementor-inner-column elementor-element elementor-element-39dbe3d colTimeline\" data-id=\"39dbe3d\" data-element_type=\"column\">\n\t\t\t<div class=\"elementor-widget-wrap elementor-element-populated\">\n\t\t\t\t\t\t<div class=\"elementor-element elementor-element-6a6c5f2 elementor-widget__width-auto elementor-view-default elementor-widget elementor-widget-icon\" data-id=\"6a6c5f2\" data-element_type=\"widget\" data-widget_type=\"icon.default\">\n\t\t\t\t<div class=\"elementor-widget-container\">\n\t\t\t\t\t\t\t<div class=\"elementor-icon-wrapper\">\n\t\t\t<div class=\"elementor-icon\">\n\t\t\t<i aria-hidden=\"true\" class=\"far fa-clock\"><\/i>\t\t\t<\/div>\n\t\t<\/div>\n\t\t\t\t\t\t<\/div>\n\t\t\t\t<\/div>\n\t\t\t\t<div class=\"elementor-element elementor-element-1647aae elementor-widget__width-auto txtTimeline elementor-widget elementor-widget-text-editor\" data-id=\"1647aae\" data-element_type=\"widget\" data-widget_type=\"text-editor.default\">\n\t\t\t\t<div class=\"elementor-widget-container\">\n\t\t\t\t\t\t\t\t\t<p><strong>Enero 15 \u2013 Febrero 28, 2017. Primer Llamado de expresi\u00f3n de inter\u00e9s (EOI).<\/strong>. La primera ronda del GDF se abre con Expresi\u00f3n de Inter\u00e9s (EOI). Se reciben 25 solicitudes, que representan a 9 de los 10 pa\u00edses elegibles.<\/p>\n\t\t\t\t\t\t\t\t<\/div>\n\t\t\t\t<\/div>\n\t\t\t\t\t<\/div>\n\t\t<\/div>\n\t\t\t\t\t<\/div>\n\t\t<\/section>\n\t\t\t\t<section class=\"elementor-section elementor-inner-section elementor-element elementor-element-864269e elementor-section-boxed elementor-section-height-default elementor-section-height-default\" data-id=\"864269e\" data-element_type=\"section\">\n\t\t\t\t\t\t<div class=\"elementor-container elementor-column-gap-default\">\n\t\t\t\t\t<div class=\"elementor-column elementor-col-100 elementor-inner-column elementor-element elementor-element-78afd1e colTimeline\" data-id=\"78afd1e\" data-element_type=\"column\">\n\t\t\t<div class=\"elementor-widget-wrap elementor-element-populated\">\n\t\t\t\t\t\t<div class=\"elementor-element elementor-element-e957b4f elementor-widget__width-auto elementor-view-default elementor-widget elementor-widget-icon\" data-id=\"e957b4f\" data-element_type=\"widget\" data-widget_type=\"icon.default\">\n\t\t\t\t<div class=\"elementor-widget-container\">\n\t\t\t\t\t\t\t<div class=\"elementor-icon-wrapper\">\n\t\t\t<div class=\"elementor-icon\">\n\t\t\t<i aria-hidden=\"true\" class=\"far fa-clock\"><\/i>\t\t\t<\/div>\n\t\t<\/div>\n\t\t\t\t\t\t<\/div>\n\t\t\t\t<\/div>\n\t\t\t\t<div class=\"elementor-element elementor-element-894fc4a elementor-widget__width-auto txtTimeline elementor-widget elementor-widget-text-editor\" data-id=\"894fc4a\" data-element_type=\"widget\" data-widget_type=\"text-editor.default\">\n\t\t\t\t<div class=\"elementor-widget-container\">\n\t\t\t\t\t\t\t\t\t<p><strong>Octubre 23 \u2013 26, 2016.<\/strong> Un taller introductorio de informaci\u00f3n previa a la aplicaci\u00f3n al GDF es llevado a cabo en el GEA Geothermal Energy Expo 2016, en Sacramento, California.<\/p>\n\t\t\t\t\t\t\t\t<\/div>\n\t\t\t\t<\/div>\n\t\t\t\t\t<\/div>\n\t\t<\/div>\n\t\t\t\t\t<\/div>\n\t\t<\/section>\n\t\t\t\t<section class=\"elementor-section elementor-inner-section elementor-element elementor-element-dbdd904 elementor-section-boxed elementor-section-height-default elementor-section-height-default\" data-id=\"dbdd904\" data-element_type=\"section\">\n\t\t\t\t\t\t<div class=\"elementor-container elementor-column-gap-default\">\n\t\t\t\t\t<div class=\"elementor-column elementor-col-100 elementor-inner-column elementor-element elementor-element-6496742 colTimeline\" data-id=\"6496742\" data-element_type=\"column\">\n\t\t\t<div class=\"elementor-widget-wrap elementor-element-populated\">\n\t\t\t\t\t\t<div class=\"elementor-element elementor-element-ac2c3c8 elementor-widget__width-auto elementor-view-default elementor-widget elementor-widget-icon\" data-id=\"ac2c3c8\" data-element_type=\"widget\" data-widget_type=\"icon.default\">\n\t\t\t\t<div class=\"elementor-widget-container\">\n\t\t\t\t\t\t\t<div class=\"elementor-icon-wrapper\">\n\t\t\t<div class=\"elementor-icon\">\n\t\t\t<i aria-hidden=\"true\" class=\"far fa-clock\"><\/i>\t\t\t<\/div>\n\t\t<\/div>\n\t\t\t\t\t\t<\/div>\n\t\t\t\t<\/div>\n\t\t\t\t<div class=\"elementor-element elementor-element-56f0688 elementor-widget__width-auto txtTimeline elementor-widget elementor-widget-text-editor\" data-id=\"56f0688\" data-element_type=\"widget\" data-widget_type=\"text-editor.default\">\n\t\t\t\t<div class=\"elementor-widget-container\">\n\t\t\t\t\t\t\t\t\t<p><strong>Abril 26, 2016.<\/strong> KfW presenta el GDF en la mesa redonda del Banco Mundial\/ESMAP GGDP en Reykjavik, Islandia. KfW tambi\u00e9n anuncia e introduce a IDA Fund Managers, LLC (IDA) como el administrador de fondos seleccionado para el Fondo. KfW nombra a los principales responsables de la toma de decisiones dentro de IDA: el Sr. Alan Beard (Gerente del Fondo), el Dr. Warren T. Dewhurst (Gerente de Proyecto Geot\u00e9rmico) y el Sr. Chis McCormick (Oficial de Inversiones Senior).<\/p>\n\t\t\t\t\t\t\t\t<\/div>\n\t\t\t\t<\/div>\n\t\t\t\t\t<\/div>\n\t\t<\/div>\n\t\t\t\t\t<\/div>\n\t\t<\/section>\n\t\t\t\t<section class=\"elementor-section elementor-inner-section elementor-element elementor-element-4f2980b elementor-section-boxed elementor-section-height-default elementor-section-height-default\" data-id=\"4f2980b\" data-element_type=\"section\">\n\t\t\t\t\t\t<div class=\"elementor-container elementor-column-gap-default\">\n\t\t\t\t\t<div class=\"elementor-column elementor-col-100 elementor-inner-column elementor-element elementor-element-355f3d8 colTimeline\" data-id=\"355f3d8\" data-element_type=\"column\">\n\t\t\t<div class=\"elementor-widget-wrap elementor-element-populated\">\n\t\t\t\t\t\t<div class=\"elementor-element elementor-element-02fcf27 elementor-widget__width-auto elementor-view-default elementor-widget elementor-widget-icon\" data-id=\"02fcf27\" data-element_type=\"widget\" data-widget_type=\"icon.default\">\n\t\t\t\t<div class=\"elementor-widget-container\">\n\t\t\t\t\t\t\t<div class=\"elementor-icon-wrapper\">\n\t\t\t<div class=\"elementor-icon\">\n\t\t\t<i aria-hidden=\"true\" class=\"far fa-clock\"><\/i>\t\t\t<\/div>\n\t\t<\/div>\n\t\t\t\t\t\t<\/div>\n\t\t\t\t<\/div>\n\t\t\t\t<div class=\"elementor-element elementor-element-9486cce elementor-widget__width-auto txtTimeline elementor-widget elementor-widget-text-editor\" data-id=\"9486cce\" data-element_type=\"widget\" data-widget_type=\"text-editor.default\">\n\t\t\t\t<div class=\"elementor-widget-container\">\n\t\t\t\t\t\t\t\t\t<p><strong>Diciembre 8, 2014.<\/strong> KfW Development Bank organiza un evento paralelo en la COP20 de la UNFCCC para poner en marcha el Fondo de Desarrollo Geot\u00e9rmico (GDF).<\/p>\n\t\t\t\t\t\t\t\t<\/div>\n\t\t\t\t<\/div>\n\t\t\t\t\t<\/div>\n\t\t<\/div>\n\t\t\t\t\t<\/div>\n\t\t<\/section>\n\t\t\t\t\t<\/div>\n\t\t<\/div>\n\t\t\t\t<div class=\"elementor-column elementor-col-33 elementor-top-column elementor-element elementor-element-b09362e\" data-id=\"b09362e\" data-element_type=\"column\">\n\t\t\t<div class=\"elementor-widget-wrap\">\n\t\t\t\t\t\t\t<\/div>\n\t\t<\/div>\n\t\t\t\t\t<\/div>\n\t\t<\/section>\n\t\t\t\t<section class=\"elementor-section elementor-top-section elementor-element elementor-element-878aef1 elementor-section-height-min-height elementor-section-boxed elementor-section-height-default elementor-section-items-middle\" data-id=\"878aef1\" data-element_type=\"section\" data-settings=\"{&quot;background_background&quot;:&quot;classic&quot;}\">\n\t\t\t\t\t\t\t<div class=\"elementor-background-overlay\"><\/div>\n\t\t\t\t\t\t\t<div class=\"elementor-container elementor-column-gap-default\">\n\t\t\t\t\t<div class=\"elementor-column elementor-col-100 elementor-top-column elementor-element elementor-element-1fd4873\" data-id=\"1fd4873\" data-element_type=\"column\">\n\t\t\t<div class=\"elementor-widget-wrap elementor-element-populated\">\n\t\t\t\t\t\t<div class=\"elementor-element elementor-element-0ac8f97 elementor-widget elementor-widget-heading\" data-id=\"0ac8f97\" data-element_type=\"widget\" data-widget_type=\"heading.default\">\n\t\t\t\t<div class=\"elementor-widget-container\">\n\t\t\t\t\t<h2 class=\"elementor-heading-title elementor-size-default\">Creemos en pr\u00e1cticas sostenibles<\/h2>\t\t\t\t<\/div>\n\t\t\t\t<\/div>\n\t\t\t\t<div class=\"elementor-element elementor-element-9c31fef elementor-align-center btnAngle elementor-widget elementor-widget-button\" data-id=\"9c31fef\" data-element_type=\"widget\" data-widget_type=\"button.default\">\n\t\t\t\t<div class=\"elementor-widget-container\">\n\t\t\t\t\t\t\t\t\t<div class=\"elementor-button-wrapper\">\n\t\t\t\t\t<a class=\"elementor-button elementor-button-link elementor-size-sm\" href=\"https:\/\/gdflac.com\/es\/manual-de-obtencion\/\">\n\t\t\t\t\t\t<span class=\"elementor-button-content-wrapper\">\n\t\t\t\t\t\t<span class=\"elementor-button-icon\">\n\t\t\t\t<i aria-hidden=\"true\" class=\"fas fa-chevron-right\"><\/i>\t\t\t<\/span>\n\t\t\t\t\t\t\t\t\t<span class=\"elementor-button-text\">Aprenda Sobre Nuestras Normas de Contrataci\u00f3n<\/span>\n\t\t\t\t\t<\/span>\n\t\t\t\t\t<\/a>\n\t\t\t\t<\/div>\n\t\t\t\t\t\t\t\t<\/div>\n\t\t\t\t<\/div>\n\t\t\t\t\t<\/div>\n\t\t<\/div>\n\t\t\t\t\t<\/div>\n\t\t<\/section>\n\t\t\t\t<\/div>\n\t\t","protected":false},"excerpt":{"rendered":"<p>Junio 1, 2018 \u2013 Julio 30, 2018. Segundo Llamado de Propuestas (CFP). El Segundo Llamado de Propuestas (CFP) se abre para los solicitantes que inicialmente se inscribieron al segundo Llamado de Expresiones de Inter\u00e9s. De las 16 solicitudes iniciales para la EOI, 11 fueron elegidas para postularse a la etapa CFP. Marzo 1, 2018. El [&hellip;]<\/p>\n","protected":false},"author":1,"featured_media":0,"parent":1110,"menu_order":6,"comment_status":"closed","ping_status":"closed","template":"","meta":{"footnotes":""},"class_list":["post-1621","page","type-page","status-publish","hentry"],"yoast_head":"<!-- This site is optimized with the Yoast SEO plugin v26.7 - https:\/\/yoast.com\/wordpress\/plugins\/seo\/ -->\n<title>L\u00ednea de Tiempo - GDF<\/title>\n<meta name=\"robots\" content=\"index, follow, max-snippet:-1, max-image-preview:large, max-video-preview:-1\" \/>\n<link rel=\"canonical\" href=\"https:\/\/gdflac.com\/es\/acerca-de\/linea-de-tiempo\/\" \/>\n<meta property=\"og:locale\" content=\"es_ES\" \/>\n<meta property=\"og:type\" content=\"article\" \/>\n<meta property=\"og:title\" content=\"L\u00ednea de Tiempo - GDF\" \/>\n<meta property=\"og:description\" content=\"Junio 1, 2018 \u2013 Julio 30, 2018. Segundo Llamado de Propuestas (CFP). El Segundo Llamado de Propuestas (CFP) se abre para los solicitantes que inicialmente se inscribieron al segundo Llamado de Expresiones de Inter\u00e9s. De las 16 solicitudes iniciales para la EOI, 11 fueron elegidas para postularse a la etapa CFP. Marzo 1, 2018. El [&hellip;]\" \/>\n<meta property=\"og:url\" content=\"https:\/\/gdflac.com\/es\/acerca-de\/linea-de-tiempo\/\" \/>\n<meta property=\"og:site_name\" content=\"GDF\" \/>\n<meta property=\"article:modified_time\" content=\"2023-01-10T23:07:19+00:00\" \/>\n<meta property=\"og:image\" content=\"https:\/\/gdflac.com\/wp-content\/uploads\/2022\/12\/GDF-Logo-Transparent.png\" \/>\n\t<meta property=\"og:image:width\" content=\"1000\" \/>\n\t<meta property=\"og:image:height\" content=\"505\" \/>\n\t<meta property=\"og:image:type\" content=\"image\/png\" \/>\n<meta name=\"twitter:card\" content=\"summary_large_image\" \/>\n<meta name=\"twitter:label1\" content=\"Tiempo de lectura\" \/>\n\t<meta name=\"twitter:data1\" content=\"2 minutos\" \/>\n<script type=\"application\/ld+json\" class=\"yoast-schema-graph\">{\"@context\":\"https:\/\/schema.org\",\"@graph\":[{\"@type\":\"WebPage\",\"@id\":\"https:\/\/gdflac.com\/es\/acerca-de\/linea-de-tiempo\/\",\"url\":\"https:\/\/gdflac.com\/es\/acerca-de\/linea-de-tiempo\/\",\"name\":\"L\u00ednea de Tiempo - GDF\",\"isPartOf\":{\"@id\":\"https:\/\/gdflac.com\/#website\"},\"datePublished\":\"2022-12-31T06:03:54+00:00\",\"dateModified\":\"2023-01-10T23:07:19+00:00\",\"breadcrumb\":{\"@id\":\"https:\/\/gdflac.com\/es\/acerca-de\/linea-de-tiempo\/#breadcrumb\"},\"inLanguage\":\"es\",\"potentialAction\":[{\"@type\":\"ReadAction\",\"target\":[\"https:\/\/gdflac.com\/es\/acerca-de\/linea-de-tiempo\/\"]}]},{\"@type\":\"BreadcrumbList\",\"@id\":\"https:\/\/gdflac.com\/es\/acerca-de\/linea-de-tiempo\/#breadcrumb\",\"itemListElement\":[{\"@type\":\"ListItem\",\"position\":1,\"name\":\"Home\",\"item\":\"https:\/\/gdflac.com\/es\/inicio\/\"},{\"@type\":\"ListItem\",\"position\":2,\"name\":\"Acerca de\",\"item\":\"https:\/\/gdflac.com\/es\/acerca-de\/\"},{\"@type\":\"ListItem\",\"position\":3,\"name\":\"L\u00ednea de Tiempo\"}]},{\"@type\":\"WebSite\",\"@id\":\"https:\/\/gdflac.com\/#website\",\"url\":\"https:\/\/gdflac.com\/\",\"name\":\"GDF\",\"description\":\"Geothermal Development Facility for Latin America\",\"publisher\":{\"@id\":\"https:\/\/gdflac.com\/#organization\"},\"alternateName\":\"GDF\",\"potentialAction\":[{\"@type\":\"SearchAction\",\"target\":{\"@type\":\"EntryPoint\",\"urlTemplate\":\"https:\/\/gdflac.com\/?s={search_term_string}\"},\"query-input\":{\"@type\":\"PropertyValueSpecification\",\"valueRequired\":true,\"valueName\":\"search_term_string\"}}],\"inLanguage\":\"es\"},{\"@type\":\"Organization\",\"@id\":\"https:\/\/gdflac.com\/#organization\",\"name\":\"GDF\",\"alternateName\":\"GDF\",\"url\":\"https:\/\/gdflac.com\/\",\"logo\":{\"@type\":\"ImageObject\",\"inLanguage\":\"es\",\"@id\":\"https:\/\/gdflac.com\/#\/schema\/logo\/image\/\",\"url\":\"https:\/\/gdflac.com\/wp-content\/uploads\/2022\/12\/GDF-Logo-Transparent.png\",\"contentUrl\":\"https:\/\/gdflac.com\/wp-content\/uploads\/2022\/12\/GDF-Logo-Transparent.png\",\"width\":1000,\"height\":505,\"caption\":\"GDF\"},\"image\":{\"@id\":\"https:\/\/gdflac.com\/#\/schema\/logo\/image\/\"}}]}<\/script>\n<!-- \/ Yoast SEO plugin. -->","yoast_head_json":{"title":"L\u00ednea de Tiempo - GDF","robots":{"index":"index","follow":"follow","max-snippet":"max-snippet:-1","max-image-preview":"max-image-preview:large","max-video-preview":"max-video-preview:-1"},"canonical":"https:\/\/gdflac.com\/es\/acerca-de\/linea-de-tiempo\/","og_locale":"es_ES","og_type":"article","og_title":"L\u00ednea de Tiempo - GDF","og_description":"Junio 1, 2018 \u2013 Julio 30, 2018. Segundo Llamado de Propuestas (CFP). El Segundo Llamado de Propuestas (CFP) se abre para los solicitantes que inicialmente se inscribieron al segundo Llamado de Expresiones de Inter\u00e9s. De las 16 solicitudes iniciales para la EOI, 11 fueron elegidas para postularse a la etapa CFP. Marzo 1, 2018. El [&hellip;]","og_url":"https:\/\/gdflac.com\/es\/acerca-de\/linea-de-tiempo\/","og_site_name":"GDF","article_modified_time":"2023-01-10T23:07:19+00:00","og_image":[{"width":1000,"height":505,"url":"https:\/\/gdflac.com\/wp-content\/uploads\/2022\/12\/GDF-Logo-Transparent.png","type":"image\/png"}],"twitter_card":"summary_large_image","twitter_misc":{"Tiempo de lectura":"2 minutos"},"schema":{"@context":"https:\/\/schema.org","@graph":[{"@type":"WebPage","@id":"https:\/\/gdflac.com\/es\/acerca-de\/linea-de-tiempo\/","url":"https:\/\/gdflac.com\/es\/acerca-de\/linea-de-tiempo\/","name":"L\u00ednea de Tiempo - GDF","isPartOf":{"@id":"https:\/\/gdflac.com\/#website"},"datePublished":"2022-12-31T06:03:54+00:00","dateModified":"2023-01-10T23:07:19+00:00","breadcrumb":{"@id":"https:\/\/gdflac.com\/es\/acerca-de\/linea-de-tiempo\/#breadcrumb"},"inLanguage":"es","potentialAction":[{"@type":"ReadAction","target":["https:\/\/gdflac.com\/es\/acerca-de\/linea-de-tiempo\/"]}]},{"@type":"BreadcrumbList","@id":"https:\/\/gdflac.com\/es\/acerca-de\/linea-de-tiempo\/#breadcrumb","itemListElement":[{"@type":"ListItem","position":1,"name":"Home","item":"https:\/\/gdflac.com\/es\/inicio\/"},{"@type":"ListItem","position":2,"name":"Acerca de","item":"https:\/\/gdflac.com\/es\/acerca-de\/"},{"@type":"ListItem","position":3,"name":"L\u00ednea de Tiempo"}]},{"@type":"WebSite","@id":"https:\/\/gdflac.com\/#website","url":"https:\/\/gdflac.com\/","name":"GDF","description":"Geothermal Development Facility for Latin America","publisher":{"@id":"https:\/\/gdflac.com\/#organization"},"alternateName":"GDF","potentialAction":[{"@type":"SearchAction","target":{"@type":"EntryPoint","urlTemplate":"https:\/\/gdflac.com\/?s={search_term_string}"},"query-input":{"@type":"PropertyValueSpecification","valueRequired":true,"valueName":"search_term_string"}}],"inLanguage":"es"},{"@type":"Organization","@id":"https:\/\/gdflac.com\/#organization","name":"GDF","alternateName":"GDF","url":"https:\/\/gdflac.com\/","logo":{"@type":"ImageObject","inLanguage":"es","@id":"https:\/\/gdflac.com\/#\/schema\/logo\/image\/","url":"https:\/\/gdflac.com\/wp-content\/uploads\/2022\/12\/GDF-Logo-Transparent.png","contentUrl":"https:\/\/gdflac.com\/wp-content\/uploads\/2022\/12\/GDF-Logo-Transparent.png","width":1000,"height":505,"caption":"GDF"},"image":{"@id":"https:\/\/gdflac.com\/#\/schema\/logo\/image\/"}}]}},"_links":{"self":[{"href":"https:\/\/gdflac.com\/es\/wp-json\/wp\/v2\/pages\/1621","targetHints":{"allow":["GET"]}}],"collection":[{"href":"https:\/\/gdflac.com\/es\/wp-json\/wp\/v2\/pages"}],"about":[{"href":"https:\/\/gdflac.com\/es\/wp-json\/wp\/v2\/types\/page"}],"author":[{"embeddable":true,"href":"https:\/\/gdflac.com\/es\/wp-json\/wp\/v2\/users\/1"}],"replies":[{"embeddable":true,"href":"https:\/\/gdflac.com\/es\/wp-json\/wp\/v2\/comments?post=1621"}],"version-history":[{"count":0,"href":"https:\/\/gdflac.com\/es\/wp-json\/wp\/v2\/pages\/1621\/revisions"}],"up":[{"embeddable":true,"href":"https:\/\/gdflac.com\/es\/wp-json\/wp\/v2\/pages\/1110"}],"wp:attachment":[{"href":"https:\/\/gdflac.com\/es\/wp-json\/wp\/v2\/media?parent=1621"}],"curies":[{"name":"wp","href":"https:\/\/api.w.org\/{rel}","templated":true}]}}